{"id":1148,"date":"2025-01-09T09:43:31","date_gmt":"2025-01-09T09:43:31","guid":{"rendered":"https:\/\/zoldfas.hu\/?page_id=1148"},"modified":"2025-04-11T06:36:27","modified_gmt":"2025-04-11T06:36:27","slug":"programnaptar","status":"publish","type":"page","link":"https:\/\/zoldfas.hu\/?page_id=1148","title":{"rendered":"Programnapt\u00e1r"},"content":{"rendered":"\t\t<div data-elementor-type=\"wp-page\" data-elementor-id=\"1148\" class=\"elementor elementor-1148\">\n\t\t\t\t<div class=\"elementor-element elementor-element-5391d112 e-flex e-con-boxed e-con e-parent\" data-id=\"5391d112\" data-element_type=\"container\" data-e-type=\"container\">\n\t\t\t\t\t<div class=\"e-con-inner\">\n\t\t\t\t<div class=\"elementor-element elementor-element-c7d8a83 elementor-widget elementor-widget-text-editor\" data-id=\"c7d8a83\" data-element_type=\"widget\" data-e-type=\"widget\" data-widget_type=\"text-editor.default\">\n\t\t\t\t<div class=\"elementor-widget-container\">\n\t\t\t\t\t\t\t\t\t<p><span style=\"color: #8e9dae; font-family: 'Open Sans', sans-serif;\">A napt\u00e1r seg\u00edts\u00e9g\u00e9vel t\u00e1j\u00e9koz\u00f3dni lehet az aktu\u00e1lis foglalts\u00e1gunkr\u00f3l valamint Z\u00f6ldf\u00e1s szervez\u00e9s\u00e9ben megrendez\u00e9sre ker\u00fcl\u0151 programjainkr\u00f3l (pl. lelkigyakorlatok). <strong>A napt\u00e1rban felt\u00fcntetett foglalts\u00e1gi adatok t\u00e1j\u00e9koztat\u00f3 jelleg\u0171ek! Foglal\u00e1si sz\u00e1nd\u00e9k eset\u00e9n mindenk\u00e9pp sz\u00fcks\u00e9ges az e-mailes vagy telefonos egyeztet\u00e9s.<\/strong><\/span><\/p><p><span style=\"color: #8e9dae; font-family: 'Open Sans', sans-serif;\">Jelmagyar\u00e1zat:<\/span><\/p><ul style=\"color: #8e9dae; font-family: 'Open Sans', sans-serif;\"><li>jel\u00f6l\u00e9ssel nem rendelkez\u0151 napok: szabadon foglalhat\u00f3k<\/li><li>foglalt: a megjel\u00f6lt napok m\u00e1r nem foglalhat\u00f3k, telth\u00e1zasak<\/li><li>r\u00e9szben foglalt: a megjel\u00f6lt napokon m\u00e1r van foglal\u00e1s, de m\u00e9g bizonyos sz\u00e1ll\u00e1st\u00edpusok, k\u00f6z\u00f6ss\u00e9gi terek el\u00e9rhet\u0151k \u00e9s foglalhat\u00f3k<\/li><\/ul><p>\u00a0<iframe style=\"color: var( --e-global-color-text ); font-family: var( --e-global-typography-text-font-family ), Sans-serif; font-weight: var( --e-global-typography-text-font-weight ); text-align: var(--text-align); border: 1px solid #777777;\" src=\"https:\/\/calendar.google.com\/calendar\/embed?height=600&amp;wkst=2&amp;ctz=Europe%2FBudapest&amp;showPrint=0&amp;src=YzlkYTY0ODZiZWM2NzY1NTI5N2Y5MmQzN2JjZGQ4ODU3Mjk2NjVhNDBjOWVkZDFhYTQ4OGFhOGM0MjJhMTM0ZEBncm91cC5jYWxlbmRhci5nb29nbGUuY29t&amp;src=aHUuaHVuZ2FyaWFuI2hvbGlkYXlAZ3JvdXAudi5jYWxlbmRhci5nb29nbGUuY29t&amp;color=%230B8043&amp;color=%23EF6C00\" width=\"800\" height=\"600\" frameborder=\"0\" scrolling=\"no\"><\/iframe><\/p><p>Az al\u00e1bbi lehet\u0151s\u00e9gre kattintva lehet t\u00e1j\u00e9koz\u00f3dni aktu\u00e1lis programjainkr\u00f3l:<\/p>\t\t\t\t\t\t\t\t<\/div>\n\t\t\t\t<\/div>\n\t\t\t\t<div class=\"elementor-element elementor-element-a8e029f elementor-align-center elementor-widget elementor-widget-button\" data-id=\"a8e029f\" data-element_type=\"widget\" data-e-type=\"widget\" data-widget_type=\"button.default\">\n\t\t\t\t<div class=\"elementor-widget-container\">\n\t\t\t\t\t\t\t\t\t<div class=\"elementor-button-wrapper\">\n\t\t\t\t\t<a class=\"elementor-button elementor-button-link elementor-size-sm\" href=\"https:\/\/zoldfas.hu\/?page_id=7\">\n\t\t\t\t\t\t<span class=\"elementor-button-content-wrapper\">\n\t\t\t\t\t\t\t\t\t<span class=\"elementor-button-text\">Saj\u00e1t szervez\u00e9s\u0171 programok<\/span>\n\t\t\t\t\t<\/span>\n\t\t\t\t\t<\/a>\n\t\t\t\t<\/div>\n\t\t\t\t\t\t\t\t<\/div>\n\t\t\t\t<\/div>\n\t\t\t\t\t<\/div>\n\t\t\t\t<\/div>\n\t\t\t\t<\/div>\n\t\t","protected":false},"excerpt":{"rendered":"<p>A napt\u00e1r seg\u00edts\u00e9g\u00e9vel t\u00e1j\u00e9koz\u00f3dni lehet az aktu\u00e1lis foglalts\u00e1gunkr\u00f3l valamint Z\u00f6ldf\u00e1s szervez\u00e9s\u00e9ben megrendez\u00e9sre ker\u00fcl\u0151 programjainkr\u00f3l (pl. lelkigyakorlatok). A napt\u00e1rban felt\u00fcntetett foglalts\u00e1gi adatok t\u00e1j\u00e9koztat\u00f3 jelleg\u0171ek! Foglal\u00e1si sz\u00e1nd\u00e9k eset\u00e9n mindenk\u00e9pp sz\u00fcks\u00e9ges az e-mailes vagy telefonos egyeztet\u00e9s. Jelmagyar\u00e1zat: jel\u00f6l\u00e9ssel nem rendelkez\u0151 napok: szabadon foglalhat\u00f3k foglalt: a megjel\u00f6lt napok m\u00e1r nem foglalhat\u00f3k, telth\u00e1zasak r\u00e9szben foglalt: a megjel\u00f6lt napokon m\u00e1r van&hellip; <br \/> <a class=\"read-more\" href=\"https:\/\/zoldfas.hu\/?page_id=1148\">Read more<\/a><\/p>\n","protected":false},"author":1,"featured_media":0,"parent":0,"menu_order":0,"comment_status":"closed","ping_status":"closed","template":"","meta":{"ngg_post_thumbnail":0,"footnotes":""},"class_list":["post-1148","page","type-page","status-publish","hentry"],"yoast_head":"<!-- This site is optimized with the Yoast SEO plugin v27.5 - https:\/\/yoast.com\/product\/yoast-seo-wordpress\/ -->\n<title>Programnapt\u00e1r - Z\u00f6ldf\u00e1s Lelkigyakorlatos H\u00e1z \u00e9s Ifj\u00fas\u00e1gi T\u00e1borhelysz\u00edn<\/title>\n<meta name=\"robots\" content=\"index, follow, max-snippet:-1, max-image-preview:large, max-video-preview:-1\" \/>\n<link rel=\"canonical\" href=\"https:\/\/zoldfas.hu\/?page_id=1148\" \/>\n<meta property=\"og:locale\" content=\"hu_HU\" \/>\n<meta property=\"og:type\" content=\"article\" \/>\n<meta property=\"og:title\" content=\"Programnapt\u00e1r - Z\u00f6ldf\u00e1s Lelkigyakorlatos H\u00e1z \u00e9s Ifj\u00fas\u00e1gi T\u00e1borhelysz\u00edn\" \/>\n<meta property=\"og:description\" content=\"A napt\u00e1r seg\u00edts\u00e9g\u00e9vel t\u00e1j\u00e9koz\u00f3dni lehet az aktu\u00e1lis foglalts\u00e1gunkr\u00f3l valamint Z\u00f6ldf\u00e1s szervez\u00e9s\u00e9ben megrendez\u00e9sre ker\u00fcl\u0151 programjainkr\u00f3l (pl. lelkigyakorlatok). A napt\u00e1rban felt\u00fcntetett foglalts\u00e1gi adatok t\u00e1j\u00e9koztat\u00f3 jelleg\u0171ek! Foglal\u00e1si sz\u00e1nd\u00e9k eset\u00e9n mindenk\u00e9pp sz\u00fcks\u00e9ges az e-mailes vagy telefonos egyeztet\u00e9s. Jelmagyar\u00e1zat: jel\u00f6l\u00e9ssel nem rendelkez\u0151 napok: szabadon foglalhat\u00f3k foglalt: a megjel\u00f6lt napok m\u00e1r nem foglalhat\u00f3k, telth\u00e1zasak r\u00e9szben foglalt: a megjel\u00f6lt napokon m\u00e1r van&hellip; Read more\" \/>\n<meta property=\"og:url\" content=\"https:\/\/zoldfas.hu\/?page_id=1148\" \/>\n<meta property=\"og:site_name\" content=\"Z\u00f6ldf\u00e1s Lelkigyakorlatos H\u00e1z \u00e9s Ifj\u00fas\u00e1gi T\u00e1borhelysz\u00edn\" \/>\n<meta property=\"article:publisher\" content=\"https:\/\/www.facebook.com\/zoldfas\" \/>\n<meta property=\"article:modified_time\" content=\"2025-04-11T06:36:27+00:00\" \/>\n<meta name=\"twitter:card\" content=\"summary_large_image\" \/>\n<meta name=\"twitter:label1\" content=\"Becs\u00fclt olvas\u00e1si id\u0151\" \/>\n\t<meta name=\"twitter:data1\" content=\"1 perc\" \/>\n<script type=\"application\/ld+json\" class=\"yoast-schema-graph\">{\"@context\":\"https:\\\/\\\/schema.org\",\"@graph\":[{\"@type\":\"WebPage\",\"@id\":\"https:\\\/\\\/zoldfas.hu\\\/?page_id=1148\",\"url\":\"https:\\\/\\\/zoldfas.hu\\\/?page_id=1148\",\"name\":\"Programnapt\u00e1r - Z\u00f6ldf\u00e1s Lelkigyakorlatos H\u00e1z \u00e9s Ifj\u00fas\u00e1gi T\u00e1borhelysz\u00edn\",\"isPartOf\":{\"@id\":\"https:\\\/\\\/zoldfas.hu\\\/#website\"},\"datePublished\":\"2025-01-09T09:43:31+00:00\",\"dateModified\":\"2025-04-11T06:36:27+00:00\",\"breadcrumb\":{\"@id\":\"https:\\\/\\\/zoldfas.hu\\\/?page_id=1148#breadcrumb\"},\"inLanguage\":\"hu\",\"potentialAction\":[{\"@type\":\"ReadAction\",\"target\":[\"https:\\\/\\\/zoldfas.hu\\\/?page_id=1148\"]}]},{\"@type\":\"BreadcrumbList\",\"@id\":\"https:\\\/\\\/zoldfas.hu\\\/?page_id=1148#breadcrumb\",\"itemListElement\":[{\"@type\":\"ListItem\",\"position\":1,\"name\":\"Kezd\u0151lap\",\"item\":\"https:\\\/\\\/zoldfas.hu\\\/\"},{\"@type\":\"ListItem\",\"position\":2,\"name\":\"Programnapt\u00e1r\"}]},{\"@type\":\"WebSite\",\"@id\":\"https:\\\/\\\/zoldfas.hu\\\/#website\",\"url\":\"https:\\\/\\\/zoldfas.hu\\\/\",\"name\":\"Z\u00f6ldf\u00e1s\",\"description\":\"Z\u00f6ldf\u00e1s Lelkigyakorlatos H\u00e1z \u00e9s Ifj\u00fas\u00e1gi T\u00e1borhelysz\u00edn\",\"publisher\":{\"@id\":\"https:\\\/\\\/zoldfas.hu\\\/#organization\"},\"potentialAction\":[{\"@type\":\"SearchAction\",\"target\":{\"@type\":\"EntryPoint\",\"urlTemplate\":\"https:\\\/\\\/zoldfas.hu\\\/?s={search_term_string}\"},\"query-input\":{\"@type\":\"PropertyValueSpecification\",\"valueRequired\":true,\"valueName\":\"search_term_string\"}}],\"inLanguage\":\"hu\"},{\"@type\":\"Organization\",\"@id\":\"https:\\\/\\\/zoldfas.hu\\\/#organization\",\"name\":\"SZEKI\",\"url\":\"https:\\\/\\\/zoldfas.hu\\\/\",\"logo\":{\"@type\":\"ImageObject\",\"inLanguage\":\"hu\",\"@id\":\"https:\\\/\\\/zoldfas.hu\\\/#\\\/schema\\\/logo\\\/image\\\/\",\"url\":\"https:\\\/\\\/zoldfas.hu\\\/wp-content\\\/uploads\\\/2024\\\/03\\\/kateklogo-2023_logo-1.png\",\"contentUrl\":\"https:\\\/\\\/zoldfas.hu\\\/wp-content\\\/uploads\\\/2024\\\/03\\\/kateklogo-2023_logo-1.png\",\"width\":591,\"height\":591,\"caption\":\"SZEKI\"},\"image\":{\"@id\":\"https:\\\/\\\/zoldfas.hu\\\/#\\\/schema\\\/logo\\\/image\\\/\"},\"sameAs\":[\"https:\\\/\\\/www.facebook.com\\\/zoldfas\"]}]}<\/script>\n<!-- \/ Yoast SEO plugin. -->","yoast_head_json":{"title":"Programnapt\u00e1r - Z\u00f6ldf\u00e1s Lelkigyakorlatos H\u00e1z \u00e9s Ifj\u00fas\u00e1gi T\u00e1borhelysz\u00edn","robots":{"index":"index","follow":"follow","max-snippet":"max-snippet:-1","max-image-preview":"max-image-preview:large","max-video-preview":"max-video-preview:-1"},"canonical":"https:\/\/zoldfas.hu\/?page_id=1148","og_locale":"hu_HU","og_type":"article","og_title":"Programnapt\u00e1r - Z\u00f6ldf\u00e1s Lelkigyakorlatos H\u00e1z \u00e9s Ifj\u00fas\u00e1gi T\u00e1borhelysz\u00edn","og_description":"A napt\u00e1r seg\u00edts\u00e9g\u00e9vel t\u00e1j\u00e9koz\u00f3dni lehet az aktu\u00e1lis foglalts\u00e1gunkr\u00f3l valamint Z\u00f6ldf\u00e1s szervez\u00e9s\u00e9ben megrendez\u00e9sre ker\u00fcl\u0151 programjainkr\u00f3l (pl. lelkigyakorlatok). A napt\u00e1rban felt\u00fcntetett foglalts\u00e1gi adatok t\u00e1j\u00e9koztat\u00f3 jelleg\u0171ek! Foglal\u00e1si sz\u00e1nd\u00e9k eset\u00e9n mindenk\u00e9pp sz\u00fcks\u00e9ges az e-mailes vagy telefonos egyeztet\u00e9s. Jelmagyar\u00e1zat: jel\u00f6l\u00e9ssel nem rendelkez\u0151 napok: szabadon foglalhat\u00f3k foglalt: a megjel\u00f6lt napok m\u00e1r nem foglalhat\u00f3k, telth\u00e1zasak r\u00e9szben foglalt: a megjel\u00f6lt napokon m\u00e1r van&hellip; Read more","og_url":"https:\/\/zoldfas.hu\/?page_id=1148","og_site_name":"Z\u00f6ldf\u00e1s Lelkigyakorlatos H\u00e1z \u00e9s Ifj\u00fas\u00e1gi T\u00e1borhelysz\u00edn","article_publisher":"https:\/\/www.facebook.com\/zoldfas","article_modified_time":"2025-04-11T06:36:27+00:00","twitter_card":"summary_large_image","twitter_misc":{"Becs\u00fclt olvas\u00e1si id\u0151":"1 perc"},"schema":{"@context":"https:\/\/schema.org","@graph":[{"@type":"WebPage","@id":"https:\/\/zoldfas.hu\/?page_id=1148","url":"https:\/\/zoldfas.hu\/?page_id=1148","name":"Programnapt\u00e1r - Z\u00f6ldf\u00e1s Lelkigyakorlatos H\u00e1z \u00e9s Ifj\u00fas\u00e1gi T\u00e1borhelysz\u00edn","isPartOf":{"@id":"https:\/\/zoldfas.hu\/#website"},"datePublished":"2025-01-09T09:43:31+00:00","dateModified":"2025-04-11T06:36:27+00:00","breadcrumb":{"@id":"https:\/\/zoldfas.hu\/?page_id=1148#breadcrumb"},"inLanguage":"hu","potentialAction":[{"@type":"ReadAction","target":["https:\/\/zoldfas.hu\/?page_id=1148"]}]},{"@type":"BreadcrumbList","@id":"https:\/\/zoldfas.hu\/?page_id=1148#breadcrumb","itemListElement":[{"@type":"ListItem","position":1,"name":"Kezd\u0151lap","item":"https:\/\/zoldfas.hu\/"},{"@type":"ListItem","position":2,"name":"Programnapt\u00e1r"}]},{"@type":"WebSite","@id":"https:\/\/zoldfas.hu\/#website","url":"https:\/\/zoldfas.hu\/","name":"Z\u00f6ldf\u00e1s","description":"Z\u00f6ldf\u00e1s Lelkigyakorlatos H\u00e1z \u00e9s Ifj\u00fas\u00e1gi T\u00e1borhelysz\u00edn","publisher":{"@id":"https:\/\/zoldfas.hu\/#organization"},"potentialAction":[{"@type":"SearchAction","target":{"@type":"EntryPoint","urlTemplate":"https:\/\/zoldfas.hu\/?s={search_term_string}"},"query-input":{"@type":"PropertyValueSpecification","valueRequired":true,"valueName":"search_term_string"}}],"inLanguage":"hu"},{"@type":"Organization","@id":"https:\/\/zoldfas.hu\/#organization","name":"SZEKI","url":"https:\/\/zoldfas.hu\/","logo":{"@type":"ImageObject","inLanguage":"hu","@id":"https:\/\/zoldfas.hu\/#\/schema\/logo\/image\/","url":"https:\/\/zoldfas.hu\/wp-content\/uploads\/2024\/03\/kateklogo-2023_logo-1.png","contentUrl":"https:\/\/zoldfas.hu\/wp-content\/uploads\/2024\/03\/kateklogo-2023_logo-1.png","width":591,"height":591,"caption":"SZEKI"},"image":{"@id":"https:\/\/zoldfas.hu\/#\/schema\/logo\/image\/"},"sameAs":["https:\/\/www.facebook.com\/zoldfas"]}]}},"_links":{"self":[{"href":"https:\/\/zoldfas.hu\/index.php?rest_route=\/wp\/v2\/pages\/1148","targetHints":{"allow":["GET"]}}],"collection":[{"href":"https:\/\/zoldfas.hu\/index.php?rest_route=\/wp\/v2\/pages"}],"about":[{"href":"https:\/\/zoldfas.hu\/index.php?rest_route=\/wp\/v2\/types\/page"}],"author":[{"embeddable":true,"href":"https:\/\/zoldfas.hu\/index.php?rest_route=\/wp\/v2\/users\/1"}],"replies":[{"embeddable":true,"href":"https:\/\/zoldfas.hu\/index.php?rest_route=%2Fwp%2Fv2%2Fcomments&post=1148"}],"version-history":[{"count":36,"href":"https:\/\/zoldfas.hu\/index.php?rest_route=\/wp\/v2\/pages\/1148\/revisions"}],"predecessor-version":[{"id":1432,"href":"https:\/\/zoldfas.hu\/index.php?rest_route=\/wp\/v2\/pages\/1148\/revisions\/1432"}],"wp:attachment":[{"href":"https:\/\/zoldfas.hu\/index.php?rest_route=%2Fwp%2Fv2%2Fmedia&parent=1148"}],"curies":[{"name":"wp","href":"https:\/\/api.w.org\/{rel}","templated":true}]}}