{"id":14,"date":"2024-03-12T22:15:56","date_gmt":"2024-03-12T22:15:56","guid":{"rendered":"https:\/\/zoldfas.hu\/?page_id=14"},"modified":"2026-02-27T13:55:21","modified_gmt":"2026-02-27T13:55:21","slug":"kapcsolat","status":"publish","type":"page","link":"https:\/\/zoldfas.hu\/?page_id=14","title":{"rendered":"Kapcsolat"},"content":{"rendered":"\n<p><strong>El\u00e9rhet\u0151s\u00e9geink: <\/strong><\/p>\n\n\n\n<div class=\"wp-block-media-text is-stacked-on-mobile\" style=\"grid-template-columns:20% auto\"><figure class=\"wp-block-media-text__media\"><img fetchpriority=\"high\" decoding=\"async\" width=\"683\" height=\"1024\" src=\"https:\/\/zoldfas.hu\/wp-content\/uploads\/2024\/04\/6M24091-Edit-683x1024.jpg\" alt=\"\" class=\"wp-image-647 size-full\" srcset=\"https:\/\/zoldfas.hu\/wp-content\/uploads\/2024\/04\/6M24091-Edit-683x1024.jpg 683w, https:\/\/zoldfas.hu\/wp-content\/uploads\/2024\/04\/6M24091-Edit-200x300.jpg 200w, https:\/\/zoldfas.hu\/wp-content\/uploads\/2024\/04\/6M24091-Edit-768x1152.jpg 768w, https:\/\/zoldfas.hu\/wp-content\/uploads\/2024\/04\/6M24091-Edit-1024x1536.jpg 1024w, https:\/\/zoldfas.hu\/wp-content\/uploads\/2024\/04\/6M24091-Edit-1365x2048.jpg 1365w, https:\/\/zoldfas.hu\/wp-content\/uploads\/2024\/04\/6M24091-Edit-720x1080.jpg 720w, https:\/\/zoldfas.hu\/wp-content\/uploads\/2024\/04\/6M24091-Edit-scaled.jpg 1707w\" sizes=\"(max-width: 683px) 100vw, 683px\" \/><\/figure><div class=\"wp-block-media-text__content\">\n<p>Moln\u00e1r Szilveszter &#8211; sz\u00e1ll\u00e1shely-vezet\u0151<\/p>\n\n\n\n<p>+36-20\/345-4289<\/p>\n\n\n\n<p>molnar.szilveszter@zoldfas.hu<\/p>\n<\/div><\/div>\n\n\n\n<p><\/p>\n\n\n\n<p><strong>E-mail:<\/strong> info@zoldfas.hu<\/p>\n\n\n\n<p><strong>C\u00edm:<\/strong><\/p>\n\n\n\n<p>6781 Domasz\u00e9k-Z\u00f6ldf\u00e1s, Tanya 978. <\/p>\n\n\n\n<p><strong>Megk\u00f6zel\u00edt\u00e9s:<\/strong><\/p>\n\n\n\n<p>Budapest ir\u00e1ny\u00e1b\u00f3l az aut\u00f3p\u00e1ly\u00e1r\u00f3l \u201eSzeged-D\u00e9l\u201d kij\u00e1raton \u00e9rdemes lefordulni az 55-\u00f6s f\u0151\u00fatra, Baja fel\u00e9. Az els\u0151 k\u00f6rforgalomn\u00e1l jobbra kanyarodva (Ruzsa fel\u00e9), 700 m\u00e9tert haladva l\u00e1tni fogjuk a Z\u00f6ldf\u00e1si Szent Istv\u00e1n Kir\u00e1ly Templomot (t\u00e9glatemplom). A templom m\u00f6g\u00f6tt helyezkedik el Lelkigyakorlatos H\u00e1zunk.<\/p>\n\n\n\n<p>Szegedr\u0151l (forgalomt\u00f3l f\u00fcgg\u0151en) kb. 15 perc alatt \u00e9rhet\u0151 el l\u00e9tes\u00edtm\u00e9ny\u00fcnk. A bajai \u00faton (55-\u00f6s f\u0151\u00fat) haladva, az aut\u00f3p\u00e1lya fel\u00fclj\u00e1r\u00f3 ut\u00e1n tal\u00e1lhat\u00f3 k\u00f6rforgalomn\u00e1l jobbra (Ruzsa fel\u00e9) fordulva a templom m\u00f6g\u00f6tt l\u00e1that\u00f3 lesz Lelkigyakorlatos h\u00e1zunk. <\/p>\n\n\n\n<p>T\u00f6megk\u00f6zleked\u00e9s (aut\u00f3busz) seg\u00edts\u00e9g\u00e9vel is megk\u00f6zel\u00edthet\u0151 Z\u00f6ldf\u00e1s. A szegedi buszp\u00e1lyaudvarr\u00f3l <a href=\"https:\/\/www.menetrendek.hu\/\" target=\"_blank\" rel=\"noreferrer noopener\">menetrend<\/a> szerint indulnak j\u00e1ratok. A buszmeg\u00e1ll\u00f3 (Domasz\u00e9k, Z\u00f6ldf\u00e1s iskola) a H\u00e1z szomsz\u00e9ds\u00e1g\u00e1ban, 200 m\u00e9terre tal\u00e1lhat\u00f3.<\/p>\n\n\n\n<p><strong>GPS koordin\u00e1t\u00e1k:<\/strong> 46.25319314022541, 20.025368607486698<\/p>\n\n\n\n<iframe src=\"https:\/\/www.google.com\/maps\/embed?pb=!1m14!1m12!1m3!1d1217.6333263393467!2d20.025887110540427!3d46.25272655710462!2m3!1f0!2f0!3f0!3m2!1i1024!2i768!4f13.1!5e0!3m2!1shu!2shu!4v1710281690603!5m2!1shu!2shu\" width=\"600\" height=\"450\" style=\"border:0;\" allowfullscreen=\"\" loading=\"lazy\" referrerpolicy=\"no-referrer-when-downgrade\"><\/iframe>\n","protected":false},"excerpt":{"rendered":"<p>El\u00e9rhet\u0151s\u00e9geink: Moln\u00e1r Szilveszter &#8211; sz\u00e1ll\u00e1shely-vezet\u0151 +36-20\/345-4289 molnar.szilveszter@zoldfas.hu E-mail: info@zoldfas.hu C\u00edm: 6781 Domasz\u00e9k-Z\u00f6ldf\u00e1s, Tanya 978. Megk\u00f6zel\u00edt\u00e9s: Budapest ir\u00e1ny\u00e1b\u00f3l az aut\u00f3p\u00e1ly\u00e1r\u00f3l \u201eSzeged-D\u00e9l\u201d kij\u00e1raton \u00e9rdemes lefordulni az 55-\u00f6s f\u0151\u00fatra, Baja fel\u00e9. Az els\u0151 k\u00f6rforgalomn\u00e1l jobbra kanyarodva (Ruzsa fel\u00e9), 700 m\u00e9tert haladva l\u00e1tni fogjuk a Z\u00f6ldf\u00e1si Szent Istv\u00e1n Kir\u00e1ly Templomot (t\u00e9glatemplom). A templom m\u00f6g\u00f6tt helyezkedik el Lelkigyakorlatos H\u00e1zunk. Szegedr\u0151l&hellip; <br \/> <a class=\"read-more\" href=\"https:\/\/zoldfas.hu\/?page_id=14\">Read more<\/a><\/p>\n","protected":false},"author":1,"featured_media":0,"parent":0,"menu_order":0,"comment_status":"closed","ping_status":"closed","template":"","meta":{"ngg_post_thumbnail":0,"footnotes":""},"class_list":["post-14","page","type-page","status-publish","hentry"],"yoast_head":"<!-- This site is optimized with the Yoast SEO plugin v27.5 - https:\/\/yoast.com\/product\/yoast-seo-wordpress\/ -->\n<title>Kapcsolat - Z\u00f6ldf\u00e1s Lelkigyakorlatos H\u00e1z \u00e9s Ifj\u00fas\u00e1gi T\u00e1borhelysz\u00edn<\/title>\n<meta name=\"robots\" content=\"index, follow, max-snippet:-1, max-image-preview:large, max-video-preview:-1\" \/>\n<link rel=\"canonical\" href=\"https:\/\/zoldfas.hu\/?page_id=14\" \/>\n<meta property=\"og:locale\" content=\"hu_HU\" \/>\n<meta property=\"og:type\" content=\"article\" \/>\n<meta property=\"og:title\" content=\"Kapcsolat - Z\u00f6ldf\u00e1s Lelkigyakorlatos H\u00e1z \u00e9s Ifj\u00fas\u00e1gi T\u00e1borhelysz\u00edn\" \/>\n<meta property=\"og:description\" content=\"El\u00e9rhet\u0151s\u00e9geink: Moln\u00e1r Szilveszter &#8211; sz\u00e1ll\u00e1shely-vezet\u0151 +36-20\/345-4289 molnar.szilveszter@zoldfas.hu E-mail: info@zoldfas.hu C\u00edm: 6781 Domasz\u00e9k-Z\u00f6ldf\u00e1s, Tanya 978. Megk\u00f6zel\u00edt\u00e9s: Budapest ir\u00e1ny\u00e1b\u00f3l az aut\u00f3p\u00e1ly\u00e1r\u00f3l \u201eSzeged-D\u00e9l\u201d kij\u00e1raton \u00e9rdemes lefordulni az 55-\u00f6s f\u0151\u00fatra, Baja fel\u00e9. Az els\u0151 k\u00f6rforgalomn\u00e1l jobbra kanyarodva (Ruzsa fel\u00e9), 700 m\u00e9tert haladva l\u00e1tni fogjuk a Z\u00f6ldf\u00e1si Szent Istv\u00e1n Kir\u00e1ly Templomot (t\u00e9glatemplom). A templom m\u00f6g\u00f6tt helyezkedik el Lelkigyakorlatos H\u00e1zunk. Szegedr\u0151l&hellip; Read more\" \/>\n<meta property=\"og:url\" content=\"https:\/\/zoldfas.hu\/?page_id=14\" \/>\n<meta property=\"og:site_name\" content=\"Z\u00f6ldf\u00e1s Lelkigyakorlatos H\u00e1z \u00e9s Ifj\u00fas\u00e1gi T\u00e1borhelysz\u00edn\" \/>\n<meta property=\"article:publisher\" content=\"https:\/\/www.facebook.com\/zoldfas\" \/>\n<meta property=\"article:modified_time\" content=\"2026-02-27T13:55:21+00:00\" \/>\n<meta property=\"og:image\" content=\"https:\/\/zoldfas.hu\/wp-content\/uploads\/2024\/04\/6M24091-Edit-scaled.jpg\" \/>\n\t<meta property=\"og:image:width\" content=\"1707\" \/>\n\t<meta property=\"og:image:height\" content=\"2560\" \/>\n\t<meta property=\"og:image:type\" content=\"image\/jpeg\" \/>\n<meta name=\"twitter:card\" content=\"summary_large_image\" \/>\n<meta name=\"twitter:label1\" content=\"Becs\u00fclt olvas\u00e1si id\u0151\" \/>\n\t<meta name=\"twitter:data1\" content=\"1 perc\" \/>\n<script type=\"application\/ld+json\" class=\"yoast-schema-graph\">{\"@context\":\"https:\\\/\\\/schema.org\",\"@graph\":[{\"@type\":\"WebPage\",\"@id\":\"https:\\\/\\\/zoldfas.hu\\\/?page_id=14\",\"url\":\"https:\\\/\\\/zoldfas.hu\\\/?page_id=14\",\"name\":\"Kapcsolat - Z\u00f6ldf\u00e1s Lelkigyakorlatos H\u00e1z \u00e9s Ifj\u00fas\u00e1gi T\u00e1borhelysz\u00edn\",\"isPartOf\":{\"@id\":\"https:\\\/\\\/zoldfas.hu\\\/#website\"},\"primaryImageOfPage\":{\"@id\":\"https:\\\/\\\/zoldfas.hu\\\/?page_id=14#primaryimage\"},\"image\":{\"@id\":\"https:\\\/\\\/zoldfas.hu\\\/?page_id=14#primaryimage\"},\"thumbnailUrl\":\"https:\\\/\\\/zoldfas.hu\\\/wp-content\\\/uploads\\\/2024\\\/04\\\/6M24091-Edit-683x1024.jpg\",\"datePublished\":\"2024-03-12T22:15:56+00:00\",\"dateModified\":\"2026-02-27T13:55:21+00:00\",\"breadcrumb\":{\"@id\":\"https:\\\/\\\/zoldfas.hu\\\/?page_id=14#breadcrumb\"},\"inLanguage\":\"hu\",\"potentialAction\":[{\"@type\":\"ReadAction\",\"target\":[\"https:\\\/\\\/zoldfas.hu\\\/?page_id=14\"]}]},{\"@type\":\"ImageObject\",\"inLanguage\":\"hu\",\"@id\":\"https:\\\/\\\/zoldfas.hu\\\/?page_id=14#primaryimage\",\"url\":\"https:\\\/\\\/zoldfas.hu\\\/wp-content\\\/uploads\\\/2024\\\/04\\\/6M24091-Edit-scaled.jpg\",\"contentUrl\":\"https:\\\/\\\/zoldfas.hu\\\/wp-content\\\/uploads\\\/2024\\\/04\\\/6M24091-Edit-scaled.jpg\",\"width\":1707,\"height\":2560},{\"@type\":\"BreadcrumbList\",\"@id\":\"https:\\\/\\\/zoldfas.hu\\\/?page_id=14#breadcrumb\",\"itemListElement\":[{\"@type\":\"ListItem\",\"position\":1,\"name\":\"Kezd\u0151lap\",\"item\":\"https:\\\/\\\/zoldfas.hu\\\/\"},{\"@type\":\"ListItem\",\"position\":2,\"name\":\"Kapcsolat\"}]},{\"@type\":\"WebSite\",\"@id\":\"https:\\\/\\\/zoldfas.hu\\\/#website\",\"url\":\"https:\\\/\\\/zoldfas.hu\\\/\",\"name\":\"Z\u00f6ldf\u00e1s\",\"description\":\"Z\u00f6ldf\u00e1s Lelkigyakorlatos H\u00e1z \u00e9s Ifj\u00fas\u00e1gi T\u00e1borhelysz\u00edn\",\"publisher\":{\"@id\":\"https:\\\/\\\/zoldfas.hu\\\/#organization\"},\"potentialAction\":[{\"@type\":\"SearchAction\",\"target\":{\"@type\":\"EntryPoint\",\"urlTemplate\":\"https:\\\/\\\/zoldfas.hu\\\/?s={search_term_string}\"},\"query-input\":{\"@type\":\"PropertyValueSpecification\",\"valueRequired\":true,\"valueName\":\"search_term_string\"}}],\"inLanguage\":\"hu\"},{\"@type\":\"Organization\",\"@id\":\"https:\\\/\\\/zoldfas.hu\\\/#organization\",\"name\":\"SZEKI\",\"url\":\"https:\\\/\\\/zoldfas.hu\\\/\",\"logo\":{\"@type\":\"ImageObject\",\"inLanguage\":\"hu\",\"@id\":\"https:\\\/\\\/zoldfas.hu\\\/#\\\/schema\\\/logo\\\/image\\\/\",\"url\":\"https:\\\/\\\/zoldfas.hu\\\/wp-content\\\/uploads\\\/2024\\\/03\\\/kateklogo-2023_logo-1.png\",\"contentUrl\":\"https:\\\/\\\/zoldfas.hu\\\/wp-content\\\/uploads\\\/2024\\\/03\\\/kateklogo-2023_logo-1.png\",\"width\":591,\"height\":591,\"caption\":\"SZEKI\"},\"image\":{\"@id\":\"https:\\\/\\\/zoldfas.hu\\\/#\\\/schema\\\/logo\\\/image\\\/\"},\"sameAs\":[\"https:\\\/\\\/www.facebook.com\\\/zoldfas\"]}]}<\/script>\n<!-- \/ Yoast SEO plugin. -->","yoast_head_json":{"title":"Kapcsolat - Z\u00f6ldf\u00e1s Lelkigyakorlatos H\u00e1z \u00e9s Ifj\u00fas\u00e1gi T\u00e1borhelysz\u00edn","robots":{"index":"index","follow":"follow","max-snippet":"max-snippet:-1","max-image-preview":"max-image-preview:large","max-video-preview":"max-video-preview:-1"},"canonical":"https:\/\/zoldfas.hu\/?page_id=14","og_locale":"hu_HU","og_type":"article","og_title":"Kapcsolat - Z\u00f6ldf\u00e1s Lelkigyakorlatos H\u00e1z \u00e9s Ifj\u00fas\u00e1gi T\u00e1borhelysz\u00edn","og_description":"El\u00e9rhet\u0151s\u00e9geink: Moln\u00e1r Szilveszter &#8211; sz\u00e1ll\u00e1shely-vezet\u0151 +36-20\/345-4289 molnar.szilveszter@zoldfas.hu E-mail: info@zoldfas.hu C\u00edm: 6781 Domasz\u00e9k-Z\u00f6ldf\u00e1s, Tanya 978. Megk\u00f6zel\u00edt\u00e9s: Budapest ir\u00e1ny\u00e1b\u00f3l az aut\u00f3p\u00e1ly\u00e1r\u00f3l \u201eSzeged-D\u00e9l\u201d kij\u00e1raton \u00e9rdemes lefordulni az 55-\u00f6s f\u0151\u00fatra, Baja fel\u00e9. Az els\u0151 k\u00f6rforgalomn\u00e1l jobbra kanyarodva (Ruzsa fel\u00e9), 700 m\u00e9tert haladva l\u00e1tni fogjuk a Z\u00f6ldf\u00e1si Szent Istv\u00e1n Kir\u00e1ly Templomot (t\u00e9glatemplom). A templom m\u00f6g\u00f6tt helyezkedik el Lelkigyakorlatos H\u00e1zunk. Szegedr\u0151l&hellip; Read more","og_url":"https:\/\/zoldfas.hu\/?page_id=14","og_site_name":"Z\u00f6ldf\u00e1s Lelkigyakorlatos H\u00e1z \u00e9s Ifj\u00fas\u00e1gi T\u00e1borhelysz\u00edn","article_publisher":"https:\/\/www.facebook.com\/zoldfas","article_modified_time":"2026-02-27T13:55:21+00:00","og_image":[{"width":1707,"height":2560,"url":"https:\/\/zoldfas.hu\/wp-content\/uploads\/2024\/04\/6M24091-Edit-scaled.jpg","type":"image\/jpeg"}],"twitter_card":"summary_large_image","twitter_misc":{"Becs\u00fclt olvas\u00e1si id\u0151":"1 perc"},"schema":{"@context":"https:\/\/schema.org","@graph":[{"@type":"WebPage","@id":"https:\/\/zoldfas.hu\/?page_id=14","url":"https:\/\/zoldfas.hu\/?page_id=14","name":"Kapcsolat - Z\u00f6ldf\u00e1s Lelkigyakorlatos H\u00e1z \u00e9s Ifj\u00fas\u00e1gi T\u00e1borhelysz\u00edn","isPartOf":{"@id":"https:\/\/zoldfas.hu\/#website"},"primaryImageOfPage":{"@id":"https:\/\/zoldfas.hu\/?page_id=14#primaryimage"},"image":{"@id":"https:\/\/zoldfas.hu\/?page_id=14#primaryimage"},"thumbnailUrl":"https:\/\/zoldfas.hu\/wp-content\/uploads\/2024\/04\/6M24091-Edit-683x1024.jpg","datePublished":"2024-03-12T22:15:56+00:00","dateModified":"2026-02-27T13:55:21+00:00","breadcrumb":{"@id":"https:\/\/zoldfas.hu\/?page_id=14#breadcrumb"},"inLanguage":"hu","potentialAction":[{"@type":"ReadAction","target":["https:\/\/zoldfas.hu\/?page_id=14"]}]},{"@type":"ImageObject","inLanguage":"hu","@id":"https:\/\/zoldfas.hu\/?page_id=14#primaryimage","url":"https:\/\/zoldfas.hu\/wp-content\/uploads\/2024\/04\/6M24091-Edit-scaled.jpg","contentUrl":"https:\/\/zoldfas.hu\/wp-content\/uploads\/2024\/04\/6M24091-Edit-scaled.jpg","width":1707,"height":2560},{"@type":"BreadcrumbList","@id":"https:\/\/zoldfas.hu\/?page_id=14#breadcrumb","itemListElement":[{"@type":"ListItem","position":1,"name":"Kezd\u0151lap","item":"https:\/\/zoldfas.hu\/"},{"@type":"ListItem","position":2,"name":"Kapcsolat"}]},{"@type":"WebSite","@id":"https:\/\/zoldfas.hu\/#website","url":"https:\/\/zoldfas.hu\/","name":"Z\u00f6ldf\u00e1s","description":"Z\u00f6ldf\u00e1s Lelkigyakorlatos H\u00e1z \u00e9s Ifj\u00fas\u00e1gi T\u00e1borhelysz\u00edn","publisher":{"@id":"https:\/\/zoldfas.hu\/#organization"},"potentialAction":[{"@type":"SearchAction","target":{"@type":"EntryPoint","urlTemplate":"https:\/\/zoldfas.hu\/?s={search_term_string}"},"query-input":{"@type":"PropertyValueSpecification","valueRequired":true,"valueName":"search_term_string"}}],"inLanguage":"hu"},{"@type":"Organization","@id":"https:\/\/zoldfas.hu\/#organization","name":"SZEKI","url":"https:\/\/zoldfas.hu\/","logo":{"@type":"ImageObject","inLanguage":"hu","@id":"https:\/\/zoldfas.hu\/#\/schema\/logo\/image\/","url":"https:\/\/zoldfas.hu\/wp-content\/uploads\/2024\/03\/kateklogo-2023_logo-1.png","contentUrl":"https:\/\/zoldfas.hu\/wp-content\/uploads\/2024\/03\/kateklogo-2023_logo-1.png","width":591,"height":591,"caption":"SZEKI"},"image":{"@id":"https:\/\/zoldfas.hu\/#\/schema\/logo\/image\/"},"sameAs":["https:\/\/www.facebook.com\/zoldfas"]}]}},"_links":{"self":[{"href":"https:\/\/zoldfas.hu\/index.php?rest_route=\/wp\/v2\/pages\/14","targetHints":{"allow":["GET"]}}],"collection":[{"href":"https:\/\/zoldfas.hu\/index.php?rest_route=\/wp\/v2\/pages"}],"about":[{"href":"https:\/\/zoldfas.hu\/index.php?rest_route=\/wp\/v2\/types\/page"}],"author":[{"embeddable":true,"href":"https:\/\/zoldfas.hu\/index.php?rest_route=\/wp\/v2\/users\/1"}],"replies":[{"embeddable":true,"href":"https:\/\/zoldfas.hu\/index.php?rest_route=%2Fwp%2Fv2%2Fcomments&post=14"}],"version-history":[{"count":21,"href":"https:\/\/zoldfas.hu\/index.php?rest_route=\/wp\/v2\/pages\/14\/revisions"}],"predecessor-version":[{"id":1613,"href":"https:\/\/zoldfas.hu\/index.php?rest_route=\/wp\/v2\/pages\/14\/revisions\/1613"}],"wp:attachment":[{"href":"https:\/\/zoldfas.hu\/index.php?rest_route=%2Fwp%2Fv2%2Fmedia&parent=14"}],"curies":[{"name":"wp","href":"https:\/\/api.w.org\/{rel}","templated":true}]}}