{"id":69,"date":"2024-03-17T21:32:10","date_gmt":"2024-03-17T21:32:10","guid":{"rendered":"https:\/\/zoldfas.hu\/?page_id=69"},"modified":"2026-04-23T08:20:33","modified_gmt":"2026-04-23T08:20:33","slug":"teremberles","status":"publish","type":"page","link":"https:\/\/zoldfas.hu\/?page_id=69","title":{"rendered":"Teremb\u00e9rl\u00e9s"},"content":{"rendered":"\n<p class=\"has-text-align-left\">K\u00f6z\u00f6ss\u00e9gi tereink kiv\u00e1l\u00f3an alkalmasak v\u00e1ltozatos rendezv\u00e9nyek lebonyol\u00edt\u00e1s\u00e1ra. Legyen sz\u00f3 kiscsoportos lelki elm\u00e9ly\u00fcl\u00e9sr\u0151l vagy sz\u00e1z f\u0151s konferenci\u00e1r\u00f3l. Igyeksz\u00fcnk minden k\u00e9r\u00e9snek, k\u00edv\u00e1ns\u00e1gnak eleget tenni, ez\u00e9rt speci\u00e1lis ig\u00e9nyek eset\u00e9n egyedi aj\u00e1nlatokkal tudunk szolg\u00e1lni.<\/p>\n\n\n\n<p>Amennyiben sz\u00e1ll\u00e1sszolg\u00e1ltat\u00e1s is megrendel\u00e9sre ker\u00fcl, \u00fagy kedvezm\u00e9nyes \u00e1ron tudjuk biztos\u00edtani a termek haszn\u00e1lat\u00e1t.<\/p>\n\n\n\n<p>A megrendel\u00e9s v\u00e9gleges\u00edt\u00e9s\u00e9hez a kit\u00f6lt\u00f6tt megrendel\u0151lap e-mailben t\u00f6rt\u00e9n\u0151 visszak\u00fcld\u00e9se sz\u00fcks\u00e9ges. (info@zoldfas.hu)<\/p>\n\n\n\n<hr class=\"wp-block-separator aligncenter has-alpha-channel-opacity\"\/>\n\n\n\n<div class=\"wp-block-buttons is-content-justification-center is-layout-flex wp-container-core-buttons-is-layout-16018d1d wp-block-buttons-is-layout-flex\">\n<div class=\"wp-block-button\"><a class=\"wp-block-button__link has-text-align-center wp-element-button\" href=\"https:\/\/zoldfas.hu\/wp-content\/uploads\/2026\/04\/Rendezvenyterem-megrendelolap-Zoldfas.pdf\" target=\"_blank\" rel=\"noreferrer noopener\">Terem megrendel\u00e9se<\/a><\/div>\n<\/div>\n\n\n\n<p><\/p>\n\n\n\n<hr class=\"wp-block-separator has-alpha-channel-opacity\"\/>\n\n\n\n<div class=\"wp-block-media-text is-stacked-on-mobile\"><figure class=\"wp-block-media-text__media\"><img fetchpriority=\"high\" decoding=\"async\" width=\"1024\" height=\"683\" src=\"https:\/\/zoldfas.hu\/wp-content\/uploads\/2025\/01\/6M29595-HDR-1024x683.jpg\" alt=\"\" class=\"wp-image-1192 size-full\" srcset=\"https:\/\/zoldfas.hu\/wp-content\/uploads\/2025\/01\/6M29595-HDR-1024x683.jpg 1024w, https:\/\/zoldfas.hu\/wp-content\/uploads\/2025\/01\/6M29595-HDR-300x200.jpg 300w, https:\/\/zoldfas.hu\/wp-content\/uploads\/2025\/01\/6M29595-HDR-768x512.jpg 768w, https:\/\/zoldfas.hu\/wp-content\/uploads\/2025\/01\/6M29595-HDR-1536x1024.jpg 1536w, https:\/\/zoldfas.hu\/wp-content\/uploads\/2025\/01\/6M29595-HDR-2048x1365.jpg 2048w, https:\/\/zoldfas.hu\/wp-content\/uploads\/2025\/01\/6M29595-HDR-1620x1080.jpg 1620w\" sizes=\"(max-width: 1024px) 100vw, 1024px\" \/><\/figure><div class=\"wp-block-media-text__content\">\n<p class=\"has-text-align-center\"><strong>Klebelsberg Kuno Terem (kis el\u0151ad\u00f3terem) 50<strong> m\u00b2<\/strong><\/strong><\/p>\n\n\n\n<p class=\"has-text-align-center\">Az asztalokkal \u00e9s sz\u00e9kekkel rendelkez\u0151 alagsori term\u00fcnk ide\u00e1lisan berendezhet\u0151 30-40 f\u0151 sz\u00e1m\u00e1ra. A terem elhelyezked\u00e9s\u00e9nek k\u00f6sz\u00f6nhet\u0151en t\u00e9len-ny\u00e1ron kellemes kl\u00edm\u00e1val b\u00edr. Az ablakoknak k\u00f6sz\u00f6nhet\u0151en az alagsori jelleg ellen\u00e9re term\u00e9szetes megvil\u00e1g\u00edt\u00e1sban is r\u00e9szes\u00fcl a terem.<\/p>\n<\/div><\/div>\n\n\n\n<p><\/p>\n\n\n\n<hr class=\"wp-block-separator has-alpha-channel-opacity\"\/>\n\n\n\n<div class=\"wp-block-media-text is-stacked-on-mobile\"><figure class=\"wp-block-media-text__media\"><img decoding=\"async\" width=\"1024\" height=\"683\" src=\"https:\/\/zoldfas.hu\/wp-content\/uploads\/2025\/01\/6M29601-HDR-1024x683.jpg\" alt=\"\" class=\"wp-image-1193 size-full\" srcset=\"https:\/\/zoldfas.hu\/wp-content\/uploads\/2025\/01\/6M29601-HDR-1024x683.jpg 1024w, https:\/\/zoldfas.hu\/wp-content\/uploads\/2025\/01\/6M29601-HDR-300x200.jpg 300w, https:\/\/zoldfas.hu\/wp-content\/uploads\/2025\/01\/6M29601-HDR-768x512.jpg 768w, https:\/\/zoldfas.hu\/wp-content\/uploads\/2025\/01\/6M29601-HDR-1536x1024.jpg 1536w, https:\/\/zoldfas.hu\/wp-content\/uploads\/2025\/01\/6M29601-HDR-2048x1365.jpg 2048w, https:\/\/zoldfas.hu\/wp-content\/uploads\/2025\/01\/6M29601-HDR-1620x1080.jpg 1620w\" sizes=\"(max-width: 1024px) 100vw, 1024px\" \/><\/figure><div class=\"wp-block-media-text__content\">\n<p class=\"has-text-align-center\"><strong>Glattfelder Gyula Terem (nagy el\u0151ad\u00f3terem) 100 <strong>m\u00b2<\/strong><\/strong><\/p>\n\n\n\n<p class=\"has-text-align-center\"><strong> <\/strong>Lelkigyakorlatos h\u00e1zunk egyik nagy kincse az alagsori nagyterem, amely 100 f\u0151 befogad\u00e1s\u00e1ra k\u00e9pes. Kiv\u00e1l\u00f3 lehet\u0151s\u00e9get biztos\u00edt lelki el\u0151ad\u00e1sok, nagyobb csoportos tev\u00e9kenys\u00e9gek, filmvet\u00edt\u00e9sek, konferenci\u00e1k \u00e9s nagyobb csal\u00e1di \u00f6sszej\u00f6vetelek sz\u00e1m\u00e1ra. A terem term\u00e9szetes kl\u00edm\u00e1val rendelkezik, \u00edgy t\u00e9len \u00e9s ny\u00e1ron is kellemes h\u0151\u00e9rzet uralkodik benne. A terem egyar\u00e1nt rendelkezik mesters\u00e9ges \u00e9s term\u00e9szetes megvil\u00e1g\u00edt\u00e1ssal is.<\/p>\n<\/div><\/div>\n\n\n\n<p><\/p>\n\n\n\n<hr class=\"wp-block-separator has-alpha-channel-opacity\"\/>\n\n\n\n<div class=\"wp-block-media-text is-stacked-on-mobile\"><figure class=\"wp-block-media-text__media\"><img decoding=\"async\" width=\"1024\" height=\"789\" src=\"https:\/\/zoldfas.hu\/wp-content\/uploads\/2025\/02\/25-02-13-14-56-31-6001-1024x789.jpg\" alt=\"\" class=\"wp-image-1339 size-full\" srcset=\"https:\/\/zoldfas.hu\/wp-content\/uploads\/2025\/02\/25-02-13-14-56-31-6001-1024x789.jpg 1024w, https:\/\/zoldfas.hu\/wp-content\/uploads\/2025\/02\/25-02-13-14-56-31-6001-300x231.jpg 300w, https:\/\/zoldfas.hu\/wp-content\/uploads\/2025\/02\/25-02-13-14-56-31-6001-768x592.jpg 768w, https:\/\/zoldfas.hu\/wp-content\/uploads\/2025\/02\/25-02-13-14-56-31-6001-1536x1183.jpg 1536w, https:\/\/zoldfas.hu\/wp-content\/uploads\/2025\/02\/25-02-13-14-56-31-6001-2048x1578.jpg 2048w, https:\/\/zoldfas.hu\/wp-content\/uploads\/2025\/02\/25-02-13-14-56-31-6001-1402x1080.jpg 1402w\" sizes=\"(max-width: 1024px) 100vw, 1024px\" \/><\/figure><div class=\"wp-block-media-text__content\">\n<p class=\"has-text-align-center\"><strong>B\u00e1lint S\u00e1ndor Terem (alagsori kis t\u00e1rgyal\u00f3terem) 16<\/strong> <strong><strong>m\u00b2<\/strong><\/strong><\/p>\n\n\n\n<p class=\"has-text-align-center\">A t\u00e1rgyal\u00f3 ak\u00e1r 6-8 f\u0151 sz\u00e1m\u00e1ra is k\u00e9nyelmes helysz\u00ednk\u00e9nt szolg\u00e1lhat kisebb megbesz\u00e9l\u00e9sekhez. T\u00e1borok sor\u00e1n klubszobak\u00e9nt vagy teamszobak\u00e9nt is ide\u00e1lis lehet. Konferenci\u00e1k eset\u00e9n egy kis szekci\u00f3terem is kialak\u00edthat\u00f3 a t\u00e1rgyal\u00f3b\u00f3l. A teremben elhelyez\u00e9sre ker\u00fclt sz\u00e1mos t\u00e1rsasj\u00e1t\u00e9k \u00e9s kiadv\u00e1ny, melyek szabadon haszn\u00e1lhat\u00f3k, olvashat\u00f3k.<\/p>\n<\/div><\/div>\n\n\n\n<p><\/p>\n\n\n\n<p><\/p>\n\n\n\n<hr class=\"wp-block-separator has-alpha-channel-opacity\"\/>\n\n\n\n<div class=\"wp-block-group is-vertical is-layout-flex wp-container-core-group-is-layout-8cf370e7 wp-block-group-is-layout-flex\">\n<hr class=\"wp-block-separator aligncenter has-alpha-channel-opacity\"\/>\n<\/div>\n\n\n\n<div class=\"wp-block-media-text is-stacked-on-mobile\"><figure class=\"wp-block-media-text__media\"><img loading=\"lazy\" decoding=\"async\" width=\"1024\" height=\"683\" src=\"https:\/\/zoldfas.hu\/wp-content\/uploads\/2024\/03\/6M23355-Edit-2-1024x683.jpg\" alt=\"\" class=\"wp-image-54 size-full\" srcset=\"https:\/\/zoldfas.hu\/wp-content\/uploads\/2024\/03\/6M23355-Edit-2-1024x683.jpg 1024w, https:\/\/zoldfas.hu\/wp-content\/uploads\/2024\/03\/6M23355-Edit-2-300x200.jpg 300w, https:\/\/zoldfas.hu\/wp-content\/uploads\/2024\/03\/6M23355-Edit-2-768x512.jpg 768w, https:\/\/zoldfas.hu\/wp-content\/uploads\/2024\/03\/6M23355-Edit-2-1536x1024.jpg 1536w, https:\/\/zoldfas.hu\/wp-content\/uploads\/2024\/03\/6M23355-Edit-2-2048x1365.jpg 2048w, https:\/\/zoldfas.hu\/wp-content\/uploads\/2024\/03\/6M23355-Edit-2-1620x1080.jpg 1620w\" sizes=\"(max-width: 1024px) 100vw, 1024px\" \/><\/figure><div class=\"wp-block-media-text__content\">\n<p class=\"has-text-align-center\"><strong>Szent Gell\u00e9rt Terem (tet\u0151t\u00e9ri t\u00e1rsalg\u00f3) 80<\/strong> <strong>m\u00b2<\/strong> <\/p>\n\n\n\n<p class=\"has-text-align-center\">T\u00e1jol\u00e1s\u00e1nak k\u00f6sz\u00f6nhet\u0151en nagyon kellemes, napf\u00e9nyes hangulattal rendelkez\u0151 term\u00fcnk 30 f\u0151 sz\u00e1m\u00e1ra k\u00e9nyelmes helysz\u00ednt biztos\u00edt egy j\u00f3 \u00edz\u0171 besz\u00e9lget\u00e9shez, lelki elm\u00e9ly\u00fcl\u00e9shez, vagy \u00e9pp egy workshop alkalomhoz.<\/p>\n<\/div><\/div>\n\n\n\n<div style=\"height:35px\" aria-hidden=\"true\" class=\"wp-block-spacer\"><\/div>\n\n\n\n<hr class=\"wp-block-separator aligncenter has-alpha-channel-opacity\"\/>\n\n\n\n<div class=\"wp-block-media-text is-stacked-on-mobile\"><figure class=\"wp-block-media-text__media\"><img loading=\"lazy\" decoding=\"async\" width=\"1024\" height=\"683\" src=\"https:\/\/zoldfas.hu\/wp-content\/uploads\/2025\/01\/6M29539-HDR-1024x683.jpg\" alt=\"\" class=\"wp-image-1196 size-full\" srcset=\"https:\/\/zoldfas.hu\/wp-content\/uploads\/2025\/01\/6M29539-HDR-1024x683.jpg 1024w, https:\/\/zoldfas.hu\/wp-content\/uploads\/2025\/01\/6M29539-HDR-300x200.jpg 300w, https:\/\/zoldfas.hu\/wp-content\/uploads\/2025\/01\/6M29539-HDR-768x512.jpg 768w, https:\/\/zoldfas.hu\/wp-content\/uploads\/2025\/01\/6M29539-HDR-1536x1024.jpg 1536w, https:\/\/zoldfas.hu\/wp-content\/uploads\/2025\/01\/6M29539-HDR-2048x1365.jpg 2048w, https:\/\/zoldfas.hu\/wp-content\/uploads\/2025\/01\/6M29539-HDR-1620x1080.jpg 1620w\" sizes=\"(max-width: 1024px) 100vw, 1024px\" \/><\/figure><div class=\"wp-block-media-text__content\">\n<p class=\"has-text-align-center\"><strong>\u00c9tkez\u0151<\/strong> <strong>60 m\u00b2<\/strong><\/p>\n\n\n\n<p class=\"has-text-align-center\">Amennyiben csal\u00e1di \u00f6sszej\u00f6vetelek szervez\u00e9s\u00e9n, vagy egy\u00e9b \u00e9tkez\u00e9st is mag\u00e1ban foglal\u00f3 program megval\u00f3s\u00edt\u00e1s\u00e1n gondolkodik, akkor kiv\u00e1l\u00f3 lehet\u0151s\u00e9get jelenthet az \u00d6n sz\u00e1m\u00e1ra \u00c9tkez\u0151nk, amely a F\u0151\u00e9p\u00fclet teljes sz\u00e9less\u00e9g\u00e9ben, \u00f6sszesen 64 \u00fcltetett f\u00e9r\u0151hellyel rendelkezik. Az \u00c9tkez\u0151 term\u00e9szetes megvil\u00e1g\u00edt\u00e1s\u00e1r\u00f3l k\u00e9t oldalon 4-4 nagym\u00e9ret\u0171 ablak gondoskodik, melyek p\u00e1ratlan kil\u00e1t\u00e1st ny\u00fajtanak a parkunkra \u00e9s az Iskola\u00e9p\u00fclet \u00e1ltal hat\u00e1rolt udvarra.<\/p>\n<\/div><\/div>\n\n\n\n<div style=\"height:35px\" aria-hidden=\"true\" class=\"wp-block-spacer\"><\/div>\n\n\n\n<hr class=\"wp-block-separator has-alpha-channel-opacity\"\/>\n\n\n\n<div class=\"wp-block-media-text is-stacked-on-mobile\"><figure class=\"wp-block-media-text__media\"><img loading=\"lazy\" decoding=\"async\" width=\"1024\" height=\"768\" src=\"https:\/\/zoldfas.hu\/wp-content\/uploads\/2024\/08\/IMG_2606-1024x768.jpg\" alt=\"\" class=\"wp-image-897 size-full\" srcset=\"https:\/\/zoldfas.hu\/wp-content\/uploads\/2024\/08\/IMG_2606-1024x768.jpg 1024w, https:\/\/zoldfas.hu\/wp-content\/uploads\/2024\/08\/IMG_2606-300x225.jpg 300w, https:\/\/zoldfas.hu\/wp-content\/uploads\/2024\/08\/IMG_2606-768x576.jpg 768w, https:\/\/zoldfas.hu\/wp-content\/uploads\/2024\/08\/IMG_2606-1536x1152.jpg 1536w, https:\/\/zoldfas.hu\/wp-content\/uploads\/2024\/08\/IMG_2606-2048x1536.jpg 2048w, https:\/\/zoldfas.hu\/wp-content\/uploads\/2024\/08\/IMG_2606-1440x1080.jpg 1440w\" sizes=\"(max-width: 1024px) 100vw, 1024px\" \/><\/figure><div class=\"wp-block-media-text__content\">\n<p class=\"has-text-align-center\"><strong>Boldog Gizella \u00c9p\u00fclet (k\u00f6z\u00f6ss\u00e9gi t\u00e9r egyszer\u0171 el\u0151k\u00e9sz\u00edt\u0151 konyh\u00e1val) 60 m\u00b2<\/strong><\/p>\n\n\n\n<p class=\"has-text-align-center\">T\u00f6k\u00e9letes helysz\u00edn lehet csal\u00e1di rendezv\u00e9nyek (keresztel\u0151, ballag\u00e1s, sz\u00fclet\u00e9snapi zs\u00far), workshopok vagy k\u00e9zm\u0171ves foglalkoz\u00e1sok megval\u00f3s\u00edt\u00e1s\u00e1hoz. K\u00e9nyelmes v\u00e1laszt\u00e1s 30-40 f\u0151 eset\u00e9n, de a terem berendez\u00e9s\u00e9t\u0151l f\u00fcgg\u0151en nagyobb l\u00e9tsz\u00e1m\u00fa csoportoknak is komfortos lehet.<\/p>\n<\/div><\/div>\n","protected":false},"excerpt":{"rendered":"<p>K\u00f6z\u00f6ss\u00e9gi tereink kiv\u00e1l\u00f3an alkalmasak v\u00e1ltozatos rendezv\u00e9nyek lebonyol\u00edt\u00e1s\u00e1ra. Legyen sz\u00f3 kiscsoportos lelki elm\u00e9ly\u00fcl\u00e9sr\u0151l vagy sz\u00e1z f\u0151s konferenci\u00e1r\u00f3l. Igyeksz\u00fcnk minden k\u00e9r\u00e9snek, k\u00edv\u00e1ns\u00e1gnak eleget tenni, ez\u00e9rt speci\u00e1lis ig\u00e9nyek eset\u00e9n egyedi aj\u00e1nlatokkal tudunk szolg\u00e1lni. Amennyiben sz\u00e1ll\u00e1sszolg\u00e1ltat\u00e1s is megrendel\u00e9sre ker\u00fcl, \u00fagy kedvezm\u00e9nyes \u00e1ron tudjuk biztos\u00edtani a termek haszn\u00e1lat\u00e1t. A megrendel\u00e9s v\u00e9gleges\u00edt\u00e9s\u00e9hez a kit\u00f6lt\u00f6tt megrendel\u0151lap e-mailben t\u00f6rt\u00e9n\u0151 visszak\u00fcld\u00e9se sz\u00fcks\u00e9ges. (info@zoldfas.hu) Klebelsberg&hellip; <br \/> <a class=\"read-more\" href=\"https:\/\/zoldfas.hu\/?page_id=69\">Read more<\/a><\/p>\n","protected":false},"author":1,"featured_media":0,"parent":0,"menu_order":0,"comment_status":"closed","ping_status":"closed","template":"","meta":{"ngg_post_thumbnail":0,"footnotes":""},"class_list":["post-69","page","type-page","status-publish","hentry"],"yoast_head":"<!-- This site is optimized with the Yoast SEO plugin v27.5 - https:\/\/yoast.com\/product\/yoast-seo-wordpress\/ -->\n<title>Teremb\u00e9rl\u00e9s - Z\u00f6ldf\u00e1s Lelkigyakorlatos H\u00e1z \u00e9s Ifj\u00fas\u00e1gi T\u00e1borhelysz\u00edn<\/title>\n<meta name=\"robots\" content=\"index, follow, max-snippet:-1, max-image-preview:large, max-video-preview:-1\" \/>\n<link rel=\"canonical\" href=\"https:\/\/zoldfas.hu\/?page_id=69\" \/>\n<meta property=\"og:locale\" content=\"hu_HU\" \/>\n<meta property=\"og:type\" content=\"article\" \/>\n<meta property=\"og:title\" content=\"Teremb\u00e9rl\u00e9s - Z\u00f6ldf\u00e1s Lelkigyakorlatos H\u00e1z \u00e9s Ifj\u00fas\u00e1gi T\u00e1borhelysz\u00edn\" \/>\n<meta property=\"og:description\" content=\"K\u00f6z\u00f6ss\u00e9gi tereink kiv\u00e1l\u00f3an alkalmasak v\u00e1ltozatos rendezv\u00e9nyek lebonyol\u00edt\u00e1s\u00e1ra. Legyen sz\u00f3 kiscsoportos lelki elm\u00e9ly\u00fcl\u00e9sr\u0151l vagy sz\u00e1z f\u0151s konferenci\u00e1r\u00f3l. Igyeksz\u00fcnk minden k\u00e9r\u00e9snek, k\u00edv\u00e1ns\u00e1gnak eleget tenni, ez\u00e9rt speci\u00e1lis ig\u00e9nyek eset\u00e9n egyedi aj\u00e1nlatokkal tudunk szolg\u00e1lni. Amennyiben sz\u00e1ll\u00e1sszolg\u00e1ltat\u00e1s is megrendel\u00e9sre ker\u00fcl, \u00fagy kedvezm\u00e9nyes \u00e1ron tudjuk biztos\u00edtani a termek haszn\u00e1lat\u00e1t. A megrendel\u00e9s v\u00e9gleges\u00edt\u00e9s\u00e9hez a kit\u00f6lt\u00f6tt megrendel\u0151lap e-mailben t\u00f6rt\u00e9n\u0151 visszak\u00fcld\u00e9se sz\u00fcks\u00e9ges. (info@zoldfas.hu) Klebelsberg&hellip; Read more\" \/>\n<meta property=\"og:url\" content=\"https:\/\/zoldfas.hu\/?page_id=69\" \/>\n<meta property=\"og:site_name\" content=\"Z\u00f6ldf\u00e1s Lelkigyakorlatos H\u00e1z \u00e9s Ifj\u00fas\u00e1gi T\u00e1borhelysz\u00edn\" \/>\n<meta property=\"article:publisher\" content=\"https:\/\/www.facebook.com\/zoldfas\" \/>\n<meta property=\"article:modified_time\" content=\"2026-04-23T08:20:33+00:00\" \/>\n<meta property=\"og:image\" content=\"https:\/\/zoldfas.hu\/wp-content\/uploads\/2025\/01\/6M29595-HDR-scaled.jpg\" \/>\n\t<meta property=\"og:image:width\" content=\"2560\" \/>\n\t<meta property=\"og:image:height\" content=\"1707\" \/>\n\t<meta property=\"og:image:type\" content=\"image\/jpeg\" \/>\n<meta name=\"twitter:card\" content=\"summary_large_image\" \/>\n<meta name=\"twitter:label1\" content=\"Becs\u00fclt olvas\u00e1si id\u0151\" \/>\n\t<meta name=\"twitter:data1\" content=\"4 perc\" \/>\n<script type=\"application\/ld+json\" class=\"yoast-schema-graph\">{\"@context\":\"https:\\\/\\\/schema.org\",\"@graph\":[{\"@type\":\"WebPage\",\"@id\":\"https:\\\/\\\/zoldfas.hu\\\/?page_id=69\",\"url\":\"https:\\\/\\\/zoldfas.hu\\\/?page_id=69\",\"name\":\"Teremb\u00e9rl\u00e9s - Z\u00f6ldf\u00e1s Lelkigyakorlatos H\u00e1z \u00e9s Ifj\u00fas\u00e1gi T\u00e1borhelysz\u00edn\",\"isPartOf\":{\"@id\":\"https:\\\/\\\/zoldfas.hu\\\/#website\"},\"primaryImageOfPage\":{\"@id\":\"https:\\\/\\\/zoldfas.hu\\\/?page_id=69#primaryimage\"},\"image\":{\"@id\":\"https:\\\/\\\/zoldfas.hu\\\/?page_id=69#primaryimage\"},\"thumbnailUrl\":\"https:\\\/\\\/zoldfas.hu\\\/wp-content\\\/uploads\\\/2025\\\/01\\\/6M29595-HDR-1024x683.jpg\",\"datePublished\":\"2024-03-17T21:32:10+00:00\",\"dateModified\":\"2026-04-23T08:20:33+00:00\",\"breadcrumb\":{\"@id\":\"https:\\\/\\\/zoldfas.hu\\\/?page_id=69#breadcrumb\"},\"inLanguage\":\"hu\",\"potentialAction\":[{\"@type\":\"ReadAction\",\"target\":[\"https:\\\/\\\/zoldfas.hu\\\/?page_id=69\"]}]},{\"@type\":\"ImageObject\",\"inLanguage\":\"hu\",\"@id\":\"https:\\\/\\\/zoldfas.hu\\\/?page_id=69#primaryimage\",\"url\":\"https:\\\/\\\/zoldfas.hu\\\/wp-content\\\/uploads\\\/2025\\\/01\\\/6M29595-HDR-scaled.jpg\",\"contentUrl\":\"https:\\\/\\\/zoldfas.hu\\\/wp-content\\\/uploads\\\/2025\\\/01\\\/6M29595-HDR-scaled.jpg\",\"width\":2560,\"height\":1707},{\"@type\":\"BreadcrumbList\",\"@id\":\"https:\\\/\\\/zoldfas.hu\\\/?page_id=69#breadcrumb\",\"itemListElement\":[{\"@type\":\"ListItem\",\"position\":1,\"name\":\"Kezd\u0151lap\",\"item\":\"https:\\\/\\\/zoldfas.hu\\\/\"},{\"@type\":\"ListItem\",\"position\":2,\"name\":\"Teremb\u00e9rl\u00e9s\"}]},{\"@type\":\"WebSite\",\"@id\":\"https:\\\/\\\/zoldfas.hu\\\/#website\",\"url\":\"https:\\\/\\\/zoldfas.hu\\\/\",\"name\":\"Z\u00f6ldf\u00e1s\",\"description\":\"Z\u00f6ldf\u00e1s Lelkigyakorlatos H\u00e1z \u00e9s Ifj\u00fas\u00e1gi T\u00e1borhelysz\u00edn\",\"publisher\":{\"@id\":\"https:\\\/\\\/zoldfas.hu\\\/#organization\"},\"potentialAction\":[{\"@type\":\"SearchAction\",\"target\":{\"@type\":\"EntryPoint\",\"urlTemplate\":\"https:\\\/\\\/zoldfas.hu\\\/?s={search_term_string}\"},\"query-input\":{\"@type\":\"PropertyValueSpecification\",\"valueRequired\":true,\"valueName\":\"search_term_string\"}}],\"inLanguage\":\"hu\"},{\"@type\":\"Organization\",\"@id\":\"https:\\\/\\\/zoldfas.hu\\\/#organization\",\"name\":\"SZEKI\",\"url\":\"https:\\\/\\\/zoldfas.hu\\\/\",\"logo\":{\"@type\":\"ImageObject\",\"inLanguage\":\"hu\",\"@id\":\"https:\\\/\\\/zoldfas.hu\\\/#\\\/schema\\\/logo\\\/image\\\/\",\"url\":\"https:\\\/\\\/zoldfas.hu\\\/wp-content\\\/uploads\\\/2024\\\/03\\\/kateklogo-2023_logo-1.png\",\"contentUrl\":\"https:\\\/\\\/zoldfas.hu\\\/wp-content\\\/uploads\\\/2024\\\/03\\\/kateklogo-2023_logo-1.png\",\"width\":591,\"height\":591,\"caption\":\"SZEKI\"},\"image\":{\"@id\":\"https:\\\/\\\/zoldfas.hu\\\/#\\\/schema\\\/logo\\\/image\\\/\"},\"sameAs\":[\"https:\\\/\\\/www.facebook.com\\\/zoldfas\"]}]}<\/script>\n<!-- \/ Yoast SEO plugin. -->","yoast_head_json":{"title":"Teremb\u00e9rl\u00e9s - Z\u00f6ldf\u00e1s Lelkigyakorlatos H\u00e1z \u00e9s Ifj\u00fas\u00e1gi T\u00e1borhelysz\u00edn","robots":{"index":"index","follow":"follow","max-snippet":"max-snippet:-1","max-image-preview":"max-image-preview:large","max-video-preview":"max-video-preview:-1"},"canonical":"https:\/\/zoldfas.hu\/?page_id=69","og_locale":"hu_HU","og_type":"article","og_title":"Teremb\u00e9rl\u00e9s - Z\u00f6ldf\u00e1s Lelkigyakorlatos H\u00e1z \u00e9s Ifj\u00fas\u00e1gi T\u00e1borhelysz\u00edn","og_description":"K\u00f6z\u00f6ss\u00e9gi tereink kiv\u00e1l\u00f3an alkalmasak v\u00e1ltozatos rendezv\u00e9nyek lebonyol\u00edt\u00e1s\u00e1ra. Legyen sz\u00f3 kiscsoportos lelki elm\u00e9ly\u00fcl\u00e9sr\u0151l vagy sz\u00e1z f\u0151s konferenci\u00e1r\u00f3l. Igyeksz\u00fcnk minden k\u00e9r\u00e9snek, k\u00edv\u00e1ns\u00e1gnak eleget tenni, ez\u00e9rt speci\u00e1lis ig\u00e9nyek eset\u00e9n egyedi aj\u00e1nlatokkal tudunk szolg\u00e1lni. Amennyiben sz\u00e1ll\u00e1sszolg\u00e1ltat\u00e1s is megrendel\u00e9sre ker\u00fcl, \u00fagy kedvezm\u00e9nyes \u00e1ron tudjuk biztos\u00edtani a termek haszn\u00e1lat\u00e1t. A megrendel\u00e9s v\u00e9gleges\u00edt\u00e9s\u00e9hez a kit\u00f6lt\u00f6tt megrendel\u0151lap e-mailben t\u00f6rt\u00e9n\u0151 visszak\u00fcld\u00e9se sz\u00fcks\u00e9ges. (info@zoldfas.hu) Klebelsberg&hellip; Read more","og_url":"https:\/\/zoldfas.hu\/?page_id=69","og_site_name":"Z\u00f6ldf\u00e1s Lelkigyakorlatos H\u00e1z \u00e9s Ifj\u00fas\u00e1gi T\u00e1borhelysz\u00edn","article_publisher":"https:\/\/www.facebook.com\/zoldfas","article_modified_time":"2026-04-23T08:20:33+00:00","og_image":[{"width":2560,"height":1707,"url":"https:\/\/zoldfas.hu\/wp-content\/uploads\/2025\/01\/6M29595-HDR-scaled.jpg","type":"image\/jpeg"}],"twitter_card":"summary_large_image","twitter_misc":{"Becs\u00fclt olvas\u00e1si id\u0151":"4 perc"},"schema":{"@context":"https:\/\/schema.org","@graph":[{"@type":"WebPage","@id":"https:\/\/zoldfas.hu\/?page_id=69","url":"https:\/\/zoldfas.hu\/?page_id=69","name":"Teremb\u00e9rl\u00e9s - Z\u00f6ldf\u00e1s Lelkigyakorlatos H\u00e1z \u00e9s Ifj\u00fas\u00e1gi T\u00e1borhelysz\u00edn","isPartOf":{"@id":"https:\/\/zoldfas.hu\/#website"},"primaryImageOfPage":{"@id":"https:\/\/zoldfas.hu\/?page_id=69#primaryimage"},"image":{"@id":"https:\/\/zoldfas.hu\/?page_id=69#primaryimage"},"thumbnailUrl":"https:\/\/zoldfas.hu\/wp-content\/uploads\/2025\/01\/6M29595-HDR-1024x683.jpg","datePublished":"2024-03-17T21:32:10+00:00","dateModified":"2026-04-23T08:20:33+00:00","breadcrumb":{"@id":"https:\/\/zoldfas.hu\/?page_id=69#breadcrumb"},"inLanguage":"hu","potentialAction":[{"@type":"ReadAction","target":["https:\/\/zoldfas.hu\/?page_id=69"]}]},{"@type":"ImageObject","inLanguage":"hu","@id":"https:\/\/zoldfas.hu\/?page_id=69#primaryimage","url":"https:\/\/zoldfas.hu\/wp-content\/uploads\/2025\/01\/6M29595-HDR-scaled.jpg","contentUrl":"https:\/\/zoldfas.hu\/wp-content\/uploads\/2025\/01\/6M29595-HDR-scaled.jpg","width":2560,"height":1707},{"@type":"BreadcrumbList","@id":"https:\/\/zoldfas.hu\/?page_id=69#breadcrumb","itemListElement":[{"@type":"ListItem","position":1,"name":"Kezd\u0151lap","item":"https:\/\/zoldfas.hu\/"},{"@type":"ListItem","position":2,"name":"Teremb\u00e9rl\u00e9s"}]},{"@type":"WebSite","@id":"https:\/\/zoldfas.hu\/#website","url":"https:\/\/zoldfas.hu\/","name":"Z\u00f6ldf\u00e1s","description":"Z\u00f6ldf\u00e1s Lelkigyakorlatos H\u00e1z \u00e9s Ifj\u00fas\u00e1gi T\u00e1borhelysz\u00edn","publisher":{"@id":"https:\/\/zoldfas.hu\/#organization"},"potentialAction":[{"@type":"SearchAction","target":{"@type":"EntryPoint","urlTemplate":"https:\/\/zoldfas.hu\/?s={search_term_string}"},"query-input":{"@type":"PropertyValueSpecification","valueRequired":true,"valueName":"search_term_string"}}],"inLanguage":"hu"},{"@type":"Organization","@id":"https:\/\/zoldfas.hu\/#organization","name":"SZEKI","url":"https:\/\/zoldfas.hu\/","logo":{"@type":"ImageObject","inLanguage":"hu","@id":"https:\/\/zoldfas.hu\/#\/schema\/logo\/image\/","url":"https:\/\/zoldfas.hu\/wp-content\/uploads\/2024\/03\/kateklogo-2023_logo-1.png","contentUrl":"https:\/\/zoldfas.hu\/wp-content\/uploads\/2024\/03\/kateklogo-2023_logo-1.png","width":591,"height":591,"caption":"SZEKI"},"image":{"@id":"https:\/\/zoldfas.hu\/#\/schema\/logo\/image\/"},"sameAs":["https:\/\/www.facebook.com\/zoldfas"]}]}},"_links":{"self":[{"href":"https:\/\/zoldfas.hu\/index.php?rest_route=\/wp\/v2\/pages\/69","targetHints":{"allow":["GET"]}}],"collection":[{"href":"https:\/\/zoldfas.hu\/index.php?rest_route=\/wp\/v2\/pages"}],"about":[{"href":"https:\/\/zoldfas.hu\/index.php?rest_route=\/wp\/v2\/types\/page"}],"author":[{"embeddable":true,"href":"https:\/\/zoldfas.hu\/index.php?rest_route=\/wp\/v2\/users\/1"}],"replies":[{"embeddable":true,"href":"https:\/\/zoldfas.hu\/index.php?rest_route=%2Fwp%2Fv2%2Fcomments&post=69"}],"version-history":[{"count":42,"href":"https:\/\/zoldfas.hu\/index.php?rest_route=\/wp\/v2\/pages\/69\/revisions"}],"predecessor-version":[{"id":1655,"href":"https:\/\/zoldfas.hu\/index.php?rest_route=\/wp\/v2\/pages\/69\/revisions\/1655"}],"wp:attachment":[{"href":"https:\/\/zoldfas.hu\/index.php?rest_route=%2Fwp%2Fv2%2Fmedia&parent=69"}],"curies":[{"name":"wp","href":"https:\/\/api.w.org\/{rel}","templated":true}]}}